{"id":15145,"date":"2017-03-15T16:31:04","date_gmt":"2017-03-15T15:31:04","guid":{"rendered":"https:\/\/seipuntozero-haircare.it\/prodotto\/take-over-protective-color-masque-pour-cheveux-colores-et-meches-2\/"},"modified":"2021-06-09T10:17:48","modified_gmt":"2021-06-09T08:17:48","slug":"take-over-protective-color-masque-pour-cheveux-colores-et-meches-2","status":"publish","type":"product","link":"https:\/\/seipuntozero-haircare.it\/fr\/product\/take-over-protective-color-masque-pour-cheveux-colores-et-meches-2\/","title":{"rendered":"TAKE OVER \u2013 PROTECTIVE COLOR <br> Masque pour cheveux color\u00e9s et m\u00e9ch\u00e9s"},"content":{"rendered":"<ul>\n<li>L\u2019<strong>intensit\u00e9 de la couleur <\/strong>dure plus longtemps<\/li>\n<li>Les cheveux color\u00e9s et m\u00e9ch\u00e9s sont <strong>nourris et prot\u00e9g\u00e9s<\/strong><\/li>\n<li>La chevelure resplendit d\u2019une <strong>lumi\u00e8re nouvelle<\/strong><\/li>\n<\/ul>\n","protected":false},"excerpt":{"rendered":"<p>Take Over Protective Color, <strong>masque pour cheveux color\u00e9s et m\u00e9ch\u00e9s<\/strong> \u00e0 la texture cr\u00e9meuse et l\u00e9g\u00e8re, vante une intense action nourrissante et photoprotectrice. Il recouvre la chevelure d\u2019un film invisible qui conditionne et prolonge la dur\u00e9e et la luminosit\u00e9 de la couleur, en exaltant son intensit\u00e9 gr\u00e2ce au <strong>Complexe<\/strong> sp\u00e9cial<strong> protecteur<\/strong> <strong>de couleur<\/strong> qui agit en accord avec l\u2019<strong>Huile d\u2019Argan et <\/strong>l\u2019<strong>Extrait de Grenade<\/strong>.<\/p>\n<p>Pot 300 ml<\/p>\n","protected":false},"featured_media":19947,"template":"","meta":[],"product_brand":[],"product_cat":[602],"product_tag":[],"class_list":["post-15145","product","type-product","status-publish","has-post-thumbnail","hentry","product_cat-take-over-protective-color-fr"],"yoast_head":"<!-- This site is optimized with the Yoast SEO plugin v27.1.1 - https:\/\/yoast.com\/product\/yoast-seo-wordpress\/ -->\n<title>TAKE OVER \u2013 PROTECTIVE COLOR  Masque pour cheveux color\u00e9s et m\u00e9ch\u00e9s - 6.Zero<\/title>\n<meta name=\"description\" content=\"Take Over Protective Color, masque pour cheveux color\u00e9s et m\u00e9ch\u00e9s \u00e0 la texture cr\u00e9meuse et l\u00e9g\u00e8re, vante une intense action nourrissante et photoprotectrice.\" \/>\n<meta name=\"robots\" content=\"index, follow, max-snippet:-1, max-image-preview:large, max-video-preview:-1\" \/>\n<link rel=\"canonical\" href=\"https:\/\/seipuntozero-haircare.it\/fr\/product\/take-over-protective-color-masque-pour-cheveux-colores-et-meches-2\/\" \/>\n<meta property=\"og:locale\" content=\"fr_FR\" \/>\n<meta property=\"og:type\" content=\"article\" \/>\n<meta property=\"og:title\" content=\"TAKE OVER \u2013 PROTECTIVE COLOR  Masque pour cheveux color\u00e9s et m\u00e9ch\u00e9s - 6.Zero\" \/>\n<meta property=\"og:description\" content=\"Take Over Protective Color, masque pour cheveux color\u00e9s et m\u00e9ch\u00e9s \u00e0 la texture cr\u00e9meuse et l\u00e9g\u00e8re, vante une intense action nourrissante et photoprotectrice.\" \/>\n<meta property=\"og:url\" content=\"https:\/\/seipuntozero-haircare.it\/fr\/product\/take-over-protective-color-masque-pour-cheveux-colores-et-meches-2\/\" \/>\n<meta property=\"og:site_name\" content=\"6.Zero\" \/>\n<meta property=\"article:modified_time\" content=\"2021-06-09T08:17:48+00:00\" \/>\n<meta property=\"og:image\" content=\"https:\/\/seipuntozero-haircare.it\/wp-content\/uploads\/2019\/03\/262304_sei_punto_zero_take_over_protective_color_mask_300ml-1.png\" \/>\n\t<meta property=\"og:image:width\" content=\"800\" \/>\n\t<meta property=\"og:image:height\" content=\"800\" \/>\n\t<meta property=\"og:image:type\" content=\"image\/png\" \/>\n<meta name=\"twitter:card\" content=\"summary_large_image\" \/>\n<meta name=\"twitter:label1\" content=\"Dur\u00e9e de lecture estim\u00e9e\" \/>\n\t<meta name=\"twitter:data1\" content=\"1 minute\" \/>\n<script type=\"application\/ld+json\" class=\"yoast-schema-graph\">{\"@context\":\"https:\/\/schema.org\",\"@graph\":[{\"@type\":\"WebPage\",\"@id\":\"https:\/\/seipuntozero-haircare.it\/fr\/product\/take-over-protective-color-masque-pour-cheveux-colores-et-meches-2\/\",\"url\":\"https:\/\/seipuntozero-haircare.it\/fr\/product\/take-over-protective-color-masque-pour-cheveux-colores-et-meches-2\/\",\"name\":\"TAKE OVER \u2013 PROTECTIVE COLOR Masque pour cheveux color\u00e9s et m\u00e9ch\u00e9s - 6.Zero\",\"isPartOf\":{\"@id\":\"https:\/\/seipuntozero-haircare.it\/fr\/#website\"},\"primaryImageOfPage\":{\"@id\":\"https:\/\/seipuntozero-haircare.it\/fr\/product\/take-over-protective-color-masque-pour-cheveux-colores-et-meches-2\/#primaryimage\"},\"image\":{\"@id\":\"https:\/\/seipuntozero-haircare.it\/fr\/product\/take-over-protective-color-masque-pour-cheveux-colores-et-meches-2\/#primaryimage\"},\"thumbnailUrl\":\"https:\/\/seipuntozero-haircare.it\/wp-content\/uploads\/2019\/03\/262304_sei_punto_zero_take_over_protective_color_mask_300ml-1.png\",\"datePublished\":\"2017-03-15T15:31:04+00:00\",\"dateModified\":\"2021-06-09T08:17:48+00:00\",\"description\":\"Take Over Protective Color, masque pour cheveux color\u00e9s et m\u00e9ch\u00e9s \u00e0 la texture cr\u00e9meuse et l\u00e9g\u00e8re, vante une intense action nourrissante et photoprotectrice.\",\"breadcrumb\":{\"@id\":\"https:\/\/seipuntozero-haircare.it\/fr\/product\/take-over-protective-color-masque-pour-cheveux-colores-et-meches-2\/#breadcrumb\"},\"inLanguage\":\"fr-FR\",\"potentialAction\":[{\"@type\":\"ReadAction\",\"target\":[\"https:\/\/seipuntozero-haircare.it\/fr\/product\/take-over-protective-color-masque-pour-cheveux-colores-et-meches-2\/\"]}]},{\"@type\":\"ImageObject\",\"inLanguage\":\"fr-FR\",\"@id\":\"https:\/\/seipuntozero-haircare.it\/fr\/product\/take-over-protective-color-masque-pour-cheveux-colores-et-meches-2\/#primaryimage\",\"url\":\"https:\/\/seipuntozero-haircare.it\/wp-content\/uploads\/2019\/03\/262304_sei_punto_zero_take_over_protective_color_mask_300ml-1.png\",\"contentUrl\":\"https:\/\/seipuntozero-haircare.it\/wp-content\/uploads\/2019\/03\/262304_sei_punto_zero_take_over_protective_color_mask_300ml-1.png\",\"width\":800,\"height\":800},{\"@type\":\"BreadcrumbList\",\"@id\":\"https:\/\/seipuntozero-haircare.it\/fr\/product\/take-over-protective-color-masque-pour-cheveux-colores-et-meches-2\/#breadcrumb\",\"itemListElement\":[{\"@type\":\"ListItem\",\"position\":1,\"name\":\"Home\",\"item\":\"https:\/\/seipuntozero-haircare.it\/fr\/\"},{\"@type\":\"ListItem\",\"position\":2,\"name\":\"Products\",\"item\":\"https:\/\/seipuntozero-haircare.it\/fr\/shop\/\"},{\"@type\":\"ListItem\",\"position\":3,\"name\":\"TAKE OVER \u2013 PROTECTIVE COLOR Masque pour cheveux color\u00e9s et m\u00e9ch\u00e9s\"}]},{\"@type\":\"WebSite\",\"@id\":\"https:\/\/seipuntozero-haircare.it\/fr\/#website\",\"url\":\"https:\/\/seipuntozero-haircare.it\/fr\/\",\"name\":\"6.Zero\",\"description\":\"Essential Touch\",\"potentialAction\":[{\"@type\":\"SearchAction\",\"target\":{\"@type\":\"EntryPoint\",\"urlTemplate\":\"https:\/\/seipuntozero-haircare.it\/fr\/?s={search_term_string}\"},\"query-input\":{\"@type\":\"PropertyValueSpecification\",\"valueRequired\":true,\"valueName\":\"search_term_string\"}}],\"inLanguage\":\"fr-FR\"}]}<\/script>\n<!-- \/ Yoast SEO plugin. -->","yoast_head_json":{"title":"TAKE OVER \u2013 PROTECTIVE COLOR  Masque pour cheveux color\u00e9s et m\u00e9ch\u00e9s - 6.Zero","description":"Take Over Protective Color, masque pour cheveux color\u00e9s et m\u00e9ch\u00e9s \u00e0 la texture cr\u00e9meuse et l\u00e9g\u00e8re, vante une intense action nourrissante et photoprotectrice.","robots":{"index":"index","follow":"follow","max-snippet":"max-snippet:-1","max-image-preview":"max-image-preview:large","max-video-preview":"max-video-preview:-1"},"canonical":"https:\/\/seipuntozero-haircare.it\/fr\/product\/take-over-protective-color-masque-pour-cheveux-colores-et-meches-2\/","og_locale":"fr_FR","og_type":"article","og_title":"TAKE OVER \u2013 PROTECTIVE COLOR  Masque pour cheveux color\u00e9s et m\u00e9ch\u00e9s - 6.Zero","og_description":"Take Over Protective Color, masque pour cheveux color\u00e9s et m\u00e9ch\u00e9s \u00e0 la texture cr\u00e9meuse et l\u00e9g\u00e8re, vante une intense action nourrissante et photoprotectrice.","og_url":"https:\/\/seipuntozero-haircare.it\/fr\/product\/take-over-protective-color-masque-pour-cheveux-colores-et-meches-2\/","og_site_name":"6.Zero","article_modified_time":"2021-06-09T08:17:48+00:00","og_image":[{"width":800,"height":800,"url":"https:\/\/seipuntozero-haircare.it\/wp-content\/uploads\/2019\/03\/262304_sei_punto_zero_take_over_protective_color_mask_300ml-1.png","type":"image\/png"}],"twitter_card":"summary_large_image","twitter_misc":{"Dur\u00e9e de lecture estim\u00e9e":"1 minute"},"schema":{"@context":"https:\/\/schema.org","@graph":[{"@type":"WebPage","@id":"https:\/\/seipuntozero-haircare.it\/fr\/product\/take-over-protective-color-masque-pour-cheveux-colores-et-meches-2\/","url":"https:\/\/seipuntozero-haircare.it\/fr\/product\/take-over-protective-color-masque-pour-cheveux-colores-et-meches-2\/","name":"TAKE OVER \u2013 PROTECTIVE COLOR Masque pour cheveux color\u00e9s et m\u00e9ch\u00e9s - 6.Zero","isPartOf":{"@id":"https:\/\/seipuntozero-haircare.it\/fr\/#website"},"primaryImageOfPage":{"@id":"https:\/\/seipuntozero-haircare.it\/fr\/product\/take-over-protective-color-masque-pour-cheveux-colores-et-meches-2\/#primaryimage"},"image":{"@id":"https:\/\/seipuntozero-haircare.it\/fr\/product\/take-over-protective-color-masque-pour-cheveux-colores-et-meches-2\/#primaryimage"},"thumbnailUrl":"https:\/\/seipuntozero-haircare.it\/wp-content\/uploads\/2019\/03\/262304_sei_punto_zero_take_over_protective_color_mask_300ml-1.png","datePublished":"2017-03-15T15:31:04+00:00","dateModified":"2021-06-09T08:17:48+00:00","description":"Take Over Protective Color, masque pour cheveux color\u00e9s et m\u00e9ch\u00e9s \u00e0 la texture cr\u00e9meuse et l\u00e9g\u00e8re, vante une intense action nourrissante et photoprotectrice.","breadcrumb":{"@id":"https:\/\/seipuntozero-haircare.it\/fr\/product\/take-over-protective-color-masque-pour-cheveux-colores-et-meches-2\/#breadcrumb"},"inLanguage":"fr-FR","potentialAction":[{"@type":"ReadAction","target":["https:\/\/seipuntozero-haircare.it\/fr\/product\/take-over-protective-color-masque-pour-cheveux-colores-et-meches-2\/"]}]},{"@type":"ImageObject","inLanguage":"fr-FR","@id":"https:\/\/seipuntozero-haircare.it\/fr\/product\/take-over-protective-color-masque-pour-cheveux-colores-et-meches-2\/#primaryimage","url":"https:\/\/seipuntozero-haircare.it\/wp-content\/uploads\/2019\/03\/262304_sei_punto_zero_take_over_protective_color_mask_300ml-1.png","contentUrl":"https:\/\/seipuntozero-haircare.it\/wp-content\/uploads\/2019\/03\/262304_sei_punto_zero_take_over_protective_color_mask_300ml-1.png","width":800,"height":800},{"@type":"BreadcrumbList","@id":"https:\/\/seipuntozero-haircare.it\/fr\/product\/take-over-protective-color-masque-pour-cheveux-colores-et-meches-2\/#breadcrumb","itemListElement":[{"@type":"ListItem","position":1,"name":"Home","item":"https:\/\/seipuntozero-haircare.it\/fr\/"},{"@type":"ListItem","position":2,"name":"Products","item":"https:\/\/seipuntozero-haircare.it\/fr\/shop\/"},{"@type":"ListItem","position":3,"name":"TAKE OVER \u2013 PROTECTIVE COLOR Masque pour cheveux color\u00e9s et m\u00e9ch\u00e9s"}]},{"@type":"WebSite","@id":"https:\/\/seipuntozero-haircare.it\/fr\/#website","url":"https:\/\/seipuntozero-haircare.it\/fr\/","name":"6.Zero","description":"Essential Touch","potentialAction":[{"@type":"SearchAction","target":{"@type":"EntryPoint","urlTemplate":"https:\/\/seipuntozero-haircare.it\/fr\/?s={search_term_string}"},"query-input":{"@type":"PropertyValueSpecification","valueRequired":true,"valueName":"search_term_string"}}],"inLanguage":"fr-FR"}]}},"_links":{"self":[{"href":"https:\/\/seipuntozero-haircare.it\/fr\/wp-json\/wp\/v2\/product\/15145","targetHints":{"allow":["GET"]}}],"collection":[{"href":"https:\/\/seipuntozero-haircare.it\/fr\/wp-json\/wp\/v2\/product"}],"about":[{"href":"https:\/\/seipuntozero-haircare.it\/fr\/wp-json\/wp\/v2\/types\/product"}],"wp:featuredmedia":[{"embeddable":true,"href":"https:\/\/seipuntozero-haircare.it\/fr\/wp-json\/wp\/v2\/media\/19947"}],"wp:attachment":[{"href":"https:\/\/seipuntozero-haircare.it\/fr\/wp-json\/wp\/v2\/media?parent=15145"}],"wp:term":[{"taxonomy":"product_brand","embeddable":true,"href":"https:\/\/seipuntozero-haircare.it\/fr\/wp-json\/wp\/v2\/product_brand?post=15145"},{"taxonomy":"product_cat","embeddable":true,"href":"https:\/\/seipuntozero-haircare.it\/fr\/wp-json\/wp\/v2\/product_cat?post=15145"},{"taxonomy":"product_tag","embeddable":true,"href":"https:\/\/seipuntozero-haircare.it\/fr\/wp-json\/wp\/v2\/product_tag?post=15145"}],"curies":[{"name":"wp","href":"https:\/\/api.w.org\/{rel}","templated":true}]}}